{"id":1753,"date":"2016-03-09T13:31:55","date_gmt":"2016-03-09T13:31:55","guid":{"rendered":"http:\/\/nitorlack.com\/fr\/politica-de-privacidad\/"},"modified":"2025-05-19T11:54:57","modified_gmt":"2025-05-19T09:54:57","slug":"confidentialite","status":"publish","type":"page","link":"https:\/\/nitorlack.com\/fr\/confidentialite\/","title":{"rendered":"Politique de confidentialit\u00e9"},"content":{"rendered":"<div class=\"wpb-content-wrapper\"><p>[vc_row][vc_column][vc_column_text css=\u00a0\u00bb\u00a0\u00bb]<strong>Politique de confidentialit\u00e9<\/strong><\/p>\n<ol>\n<li><strong>Objet<\/strong><\/li>\n<\/ol>\n<p>La pr\u00e9sente politique de confidentialit\u00e9 a pour but de faire conna\u00eetre aux personnes (ci-apr\u00e8s, utilisateurs ou int\u00e9ress\u00e9s) qui visitent notre page Web (ci-apr\u00e8s, page Web, site Web ou le Web), la mani\u00e8re dont nous recueillons, traitons et prot\u00e9geons les donn\u00e9es personnelles qu&rsquo;elles d\u00e9cident de nous fournir par quelque moyen que ce soit (formulaires, courriers \u00e9lectroniques, t\u00e9l\u00e9phone, contrats, etc.) et, apr\u00e8s sa lecture, de d\u00e9cider librement si elles souhaitent que nous les traitions. En outre, elle servira \u00e0 \u00e9largir les informations que nous avons pr\u00e9alablement fournies aux int\u00e9ress\u00e9s, dans les clauses informatives pr\u00e9vues dans les processus de collecte de leurs donn\u00e9es personnelles.<\/p>\n<p>De m\u00eame, cette politique vise \u00e0 se conformer au r\u00e8glement (UE) 2016\/679 du Parlement europ\u00e9en et du Conseil du 27 avril 2016 relatif \u00e0 la protection des personnes physiques \u00e0 l&rsquo;\u00e9gard du traitement des donn\u00e9es \u00e0 caract\u00e8re personnel et \u00e0 la libre circulation de ces donn\u00e9es (ci-apr\u00e8s RGPD) et \u00e0 la loi organique 3\/2018, du 5 d\u00e9cembre, relative \u00e0 la protection des donn\u00e9es personnelles et \u00e0 la garantie des droits num\u00e9riques (ci-apr\u00e8s, LOPDGDD).<\/p>\n<ol start=\"2\">\n<li><strong>Qui est responsable du traitement de vos donn\u00e9es personnelles ?<\/strong><\/li>\n<\/ol>\n<p>&nbsp;<\/p>\n<table>\n<tbody>\n<tr>\n<td width=\"140\">Identit\u00e9 \u2013 Entit\u00e9 :<\/td>\n<td width=\"419\">VALRESA COATINGS, S.A.<\/td>\n<\/tr>\n<tr>\n<td width=\"140\">CIF\/NIF :<\/td>\n<td width=\"419\">A46030169<\/td>\n<\/tr>\n<tr>\n<td width=\"140\">Adresse postale :<\/td>\n<td width=\"419\">Avda. dels Gremis, s\/n. 46190, Riba-roja del T\u00faria (Valencia) Espagne.<\/td>\n<\/tr>\n<tr>\n<td width=\"140\">T\u00e9l\u00e9phone :<\/td>\n<td width=\"419\">(+34) 961669560<\/td>\n<\/tr>\n<tr>\n<td width=\"140\">Courriel :<\/td>\n<td width=\"419\">valresa@valresa.com<\/td>\n<\/tr>\n<tr>\n<td width=\"140\">Objet social :<\/td>\n<td width=\"419\">Fabrication et commercialisation de peintures et vernis<\/td>\n<\/tr>\n<tr>\n<td width=\"140\">Site web :<\/td>\n<td width=\"419\">https:\/\/nitorlack.com\/<\/td>\n<\/tr>\n<tr>\n<td width=\"140\">Donn\u00e9es d&rsquo;enregistrement :<\/td>\n<td width=\"419\">Registre du Commerce de VALENCIA Tome 3226, Livre 540, Folio 88, Section 8, Feuille V 7601<\/td>\n<\/tr>\n<\/tbody>\n<\/table>\n<p><\/p>\n<ol start=\"3\">\n<li><strong>Quelles donn\u00e9es personnelles traiterons-nous et comment les obtenons-nous ?<\/strong><\/li>\n<\/ol>\n<p>Pour le d\u00e9veloppement de notre activit\u00e9 commerciale, il est indispensable de traiter des donn\u00e9es personnelles dont la collecte peut \u00eatre r\u00e9alis\u00e9e par des moyens num\u00e9riques (par exemple, courrier \u00e9lectronique, formulaires ou questionnaires Web), en remplissant des documents sur papier (par exemple, contrats ou formulaires) ou au moyen de conversations en personne ou par t\u00e9l\u00e9phone et, dans tous les cas, les donn\u00e9es seront trait\u00e9es de mani\u00e8re loyale, licite et transparente.<\/p>\n<p>Les cat\u00e9gories de donn\u00e9es que notre entit\u00e9 traitera sur les personnes int\u00e9ress\u00e9es sont les suivantes :<\/p>\n<ul>\n<li><strong>Donn\u00e9es d&rsquo;identification<\/strong> : nom et pr\u00e9nom.<\/li>\n<li><strong>Donn\u00e9es de contact<\/strong> : t\u00e9l\u00e9phone, courriel, adresse postale.<\/li>\n<li><strong>Donn\u00e9es commerciales<\/strong> : budgets, conditions d&rsquo;achat, gestion et historique des services et\/ou des achats, r\u00e9sultat des contacts (t\u00e9l\u00e9phone, courriel, messagerie et autres canaux de communication).<\/li>\n<li><strong>Donn\u00e9es d&rsquo;acc\u00e8s<\/strong> : codes d&rsquo;acc\u00e8s \u00e0 \u00ab mon compte \u00bb pour les clients en ligne.<\/li>\n<li><strong>Donn\u00e9es comptables<\/strong> : contr\u00f4le des recettes et des d\u00e9penses, donn\u00e9es de facturation.<\/li>\n<li><strong>Donn\u00e9es bancaires<\/strong> : comptes et cartes bancaires.<\/li>\n<li><strong>Transaction de biens et services<\/strong> : virements et domiciliations bancaires, montants et concepts.<\/li>\n<li><strong>Donn\u00e9es de navigation<\/strong> : analyse du temps pass\u00e9 sur notre site Web, pages visit\u00e9es, donn\u00e9es d\u00e9mographiques (par exemple, \u00e2ge, sexe, langue).<\/li>\n<\/ul>\n<p>Notre entit\u00e9 ne recueillera pas de donn\u00e9es de cat\u00e9gorie sp\u00e9ciale (par exemple, donn\u00e9es de sant\u00e9, origine ethnique, opinions politiques ou convictions religieuses), mais au cas o\u00f9 il serait n\u00e9cessaire de les traiter, elle vous en informera et vous demandera votre consentement pr\u00e9alable et expr\u00e8s.<\/p>\n<p>Par cons\u00e9quent, les donn\u00e9es demand\u00e9es seront ad\u00e9quates, pertinentes, limit\u00e9es \u00e0 ce qui est strictement indispensable et n\u00e9cessaire, trait\u00e9es uniquement par le personnel et\/ou les collaborateurs autoris\u00e9s par notre entit\u00e9, qui auront sign\u00e9 un engagement de confidentialit\u00e9 et s&rsquo;engagent \u00e0 respecter les r\u00e8gles de s\u00e9curit\u00e9 n\u00e9cessaires qui garantissent la confidentialit\u00e9, l&rsquo;int\u00e9grit\u00e9 et la disponibilit\u00e9 des donn\u00e9es trait\u00e9es et autres exigences l\u00e9galement \u00e9tablies dans le RGPD. Par cons\u00e9quent, elles seront trait\u00e9es dans le respect de la l\u00e9galit\u00e9.<\/p>\n<p>Les donn\u00e9es \u00e0 traiter sont fournies par la personne concern\u00e9e elle-m\u00eame ou par son repr\u00e9sentant l\u00e9gal, bien qu&rsquo;il puisse arriver que nous d\u00e9l\u00e9guions certaines fonctions \u00e0 certains collaborateurs et que ce soient eux qui soient charg\u00e9s de recueillir vos donn\u00e9es, mais elles seront toujours trait\u00e9es avec votre consentement pr\u00e9alable et expr\u00e8s.<\/p>\n<p>Au cas o\u00f9 une personne int\u00e9ress\u00e9e ne fournirait pas les donn\u00e9es que nous lui demandons ou si des donn\u00e9es incompl\u00e8tes ou incorrectes sont fournies, il ne sera pas possible de remplir et de maintenir la relation avec elle.<\/p>\n<p>Les cat\u00e9gories de donn\u00e9es que nous pouvons traiter sur une personne d\u00e9pendront de la relation qu&rsquo;elle entretient avec notre entit\u00e9, comme nous le montrons ci-dessous :<\/p>\n<p><strong>Clients<\/strong> :<\/p>\n<p>Les donn\u00e9es d&rsquo;identification, de contact, commerciales, comptables, bancaires, de transaction de biens et services, financi\u00e8res, d&rsquo;acc\u00e8s seront trait\u00e9es, et pourront \u00eatre recueillies uniquement si vous nous les fournissez.<\/p>\n<p><strong>Candidats \u00e0 l&rsquo;information : <\/strong><\/p>\n<p>Que les informations demand\u00e9es soient t\u00e9l\u00e9phoniques ou \u00e9crites (par exemple, courrier \u00e9lectronique ou formulaires Web), nous vous demanderons et traiterons vos donn\u00e9es d&rsquo;identification, de contact et commerciales.<\/p>\n<p><strong>Fournisseurs<\/strong> :<\/p>\n<p>Les donn\u00e9es d&rsquo;identification, de contact, commerciales, comptables, bancaires, de transaction de biens et services et financi\u00e8res seront trait\u00e9es. Ces donn\u00e9es pourront \u00eatre trait\u00e9es pendant toutes les \u00e9tapes de la relation commerciale.<\/p>\n<p><strong>Utilisateurs de r\u00e9seaux sociaux : <\/strong><\/p>\n<p>Nous sommes pr\u00e9sents sur diff\u00e9rents r\u00e9seaux sociaux et nous pourrons traiter des donn\u00e9es d&rsquo;identification, de contact, commerciales et d&rsquo;autres donn\u00e9es que l&rsquo;utilisateur autorise \u00e0 \u00eatre visualis\u00e9es ou partag\u00e9es avec le reste des composantes du r\u00e9seau social, y compris des donn\u00e9es curriculaires (par exemple, LinkedIn). Pour plus d&rsquo;informations, consultez notre Politique relative aux r\u00e9seaux sociaux.<\/p>\n<p><strong>Plaignants<\/strong> :<\/p>\n<p>Les donn\u00e9es \u00e0 caract\u00e8re identificatoire, de contact et les informations personnelles propres ou de tiers que vous souhaitez nous faire conna\u00eetre et qui sont li\u00e9es \u00e0 la r\u00e9clamation que vous nous envoyez seront trait\u00e9es.<\/p>\n<p><strong>Utilisateurs Web<\/strong> :<\/p>\n<p>Lors de la visite de notre site Web et uniquement si l&rsquo;utilisateur l&rsquo;autorise express\u00e9ment, des donn\u00e9es analytiques (par exemple, temps de visite ou pages visit\u00e9es), voire des donn\u00e9es d\u00e9mographiques (par exemple, sexe, \u00e2ge, pays ou langue) peuvent \u00eatre recueillies. Pour plus d&rsquo;informations, consultez notre <a href=\"https:\/\/nitorlack.com\/fr\/cookies\/\">Politique relative aux cookies<\/a>.<\/p>\n<p><strong>Plus d&rsquo;informations pour les personnes int\u00e9ress\u00e9es<\/strong> :<\/p>\n<p>Les informations l\u00e9galement \u00e9tablies dans les clauses informatives correspondantes incluses dans les diff\u00e9rents moyens de collecte de donn\u00e9es seront mises \u00e0 la disposition des personnes int\u00e9ress\u00e9es, de sorte que vous d\u00e9cidiez librement et express\u00e9ment si vous souhaitez que les donn\u00e9es personnelles demand\u00e9es soient trait\u00e9es par notre entit\u00e9.<\/p>\n<p>Toutes les cat\u00e9gories et types de donn\u00e9es personnelles trait\u00e9es seront d\u00fbment identifi\u00e9s dans les activit\u00e9s de traitement correspondantes d\u00e9tenues par notre entit\u00e9.<\/p>\n<ol start=\"4\">\n<li><strong>\u00c0 quelles fins vos donn\u00e9es seront-elles trait\u00e9es ?<\/strong><\/li>\n<\/ol>\n<p>De mani\u00e8re g\u00e9n\u00e9rale, le traitement des donn\u00e9es personnelles effectu\u00e9 par notre entit\u00e9 a pour but le respect et le maintien de la relation avec diff\u00e9rents groupes de personnes, comme par exemple, les clients ou les fournisseurs. \u00c9galement avec d&rsquo;autres personnes qui nous contactent de mani\u00e8re proactive au moyen de nos formulaires Web, par t\u00e9l\u00e9phone ou en personne, par courrier \u00e9lectronique ou postal, comme ce serait le cas des candidats \u00e0 un emploi ou des demandeurs d&rsquo;informations, des utilisateurs de notre site Web\/blog ou des r\u00e9seaux sociaux et des personnes int\u00e9ress\u00e9es en g\u00e9n\u00e9ral.<\/p>\n<p>Selon cette relation, le traitement de vos donn\u00e9es r\u00e9pond \u00e0 diff\u00e9rentes finalit\u00e9s et que, \u00e0 titre \u00e9nonciatif et non limitatif, nous d\u00e9taillons ci-dessous :<\/p>\n<p><strong>Clients<\/strong> :<\/p>\n<p>Vos donn\u00e9es personnelles seront trait\u00e9es pour vous identifier, respecter et maintenir la relation pr\u00e9contractuelle et contractuelle, y compris l&rsquo;envoi de communications commerciales par diff\u00e9rents moyens, r\u00e9pondre aux questions, r\u00e9aliser des contr\u00f4les de qualit\u00e9 et des statistiques commerciales, pour la prestation de nos services et\/ou la vente et la livraison de biens, pour la gestion comptable et de facturation, la transaction de biens et services, la gestion des recouvrements, la gestion des incidents, les r\u00e9clamations et l&rsquo;exercice des droits, ainsi que pour d&rsquo;autres fins auxquelles nous sommes contraints de nous conformer \u00e0 ladite relation, aux lois auxquelles nous sommes soumis et pour remplir nos int\u00e9r\u00eats l\u00e9gitimes.<\/p>\n<p><strong>Candidats \u00e0 l&rsquo;information : <\/strong><\/p>\n<p>Nous traiterons vos donn\u00e9es personnelles pour r\u00e9pondre \u00e0 vos demandes d&rsquo;informations g\u00e9n\u00e9rales, pour vous identifier, pour l&rsquo;envoi d&rsquo;informations sur les biens et\/ou les services de votre int\u00e9r\u00eat, y compris dans notre r\u00e9ponse (verbale, \u00e9crite ou num\u00e9rique) les informations commerciales li\u00e9es \u00e0 la demande.<\/p>\n<p><strong>Fournisseurs et collaborateurs<\/strong> :<\/p>\n<p>Vos donn\u00e9es personnelles seront trait\u00e9es dans le but de maintenir la relation commerciale, que ce soit pour la demande de budgets, pour l&rsquo;achat de biens ou la passation de march\u00e9s de services, pour vous identifier, pour la gestion comptable, r\u00e9aliser des transactions de biens et services, ainsi que pour d&rsquo;autres fins n\u00e9cessaires pour remplir ladite relation, nos obligations l\u00e9gales et nos int\u00e9r\u00eats l\u00e9gitimes.<\/p>\n<p><strong>Utilisateurs de r\u00e9seaux sociaux : <\/strong><\/p>\n<p>Nous traiterons vos donn\u00e9es personnelles pour maintenir la relation en tant qu&rsquo;utilisateurs du m\u00eame r\u00e9seau social, pour vous identifier, pour vous contacter, partager des actualit\u00e9s et d&rsquo;autres donn\u00e9es personnelles que vous autorisez \u00e0 partager avec le reste des composantes du r\u00e9seau social. Pour plus d&rsquo;informations, consultez notre Politique relative aux r\u00e9seaux sociaux.<\/p>\n<p><strong>Plaignants<\/strong> :<\/p>\n<p>Les donn\u00e9es personnelles seront trait\u00e9es pour vous identifier, g\u00e9rer votre r\u00e9clamation et vous contacter au sujet de la situation de celle-ci, en plus de remplir nos obligations l\u00e9gales et nos int\u00e9r\u00eats l\u00e9gitimes.<\/p>\n<p><strong>Utilisateurs Web<\/strong> :<\/p>\n<p>Des donn\u00e9es peuvent \u00e9galement \u00eatre trait\u00e9es \u00e0 diff\u00e9rentes fins (par exemple, analyse des visites) lors de l&rsquo;acceptation de l&rsquo;installation de cookies lors de la visite de notre site Web. Pour plus d&rsquo;informations, consultez notre <a href=\"https:\/\/nitorlack.com\/fr\/cookies\/\">Politique relative aux cookies<\/a>.<\/p>\n<p><strong>Plus d&rsquo;informations pour les personnes int\u00e9ress\u00e9es<\/strong> :<\/p>\n<p>Les informations l\u00e9galement \u00e9tablies dans les clauses informatives correspondantes incluses dans les diff\u00e9rents moyens de collecte de donn\u00e9es (par exemple, formulaires, locutions, contrats, etc.) et dans d&rsquo;autres que nous mettrons \u00e0 votre disposition (par exemple, badges, factures, mentions l\u00e9gales, etc.) seront mises \u00e0 la disposition des personnes int\u00e9ress\u00e9es, de sorte que vous d\u00e9cidiez librement et express\u00e9ment si vous souhaitez que les donn\u00e9es personnelles demand\u00e9es soient trait\u00e9es par notre entit\u00e9.<\/p>\n<p>Au cas o\u00f9 vous ne fourniriez pas les donn\u00e9es que nous vous demandons ou si des donn\u00e9es incompl\u00e8tes ou erron\u00e9es sont fournies, il ne sera pas possible de r\u00e9pondre \u00e0 votre demande d&rsquo;informations ou d&rsquo;\u00e9tablir une relation avec vous.<\/p>\n<p>Les donn\u00e9es ne seront pas trait\u00e9es ult\u00e9rieurement ou \u00e0 des fins autres que celles accept\u00e9es par les personnes int\u00e9ress\u00e9es.<\/p>\n<p>Les finalit\u00e9s qui motivent le traitement des donn\u00e9es personnelles seront d\u00fbment identifi\u00e9es dans les activit\u00e9s de traitement correspondantes d\u00e9tenues par notre entit\u00e9.<\/p>\n<p>&nbsp;<\/p>\n<ol start=\"5\">\n<li><strong>Pourquoi traitons-nous vos donn\u00e9es (justification) ?<\/strong><\/li>\n<\/ol>\n<p>Le traitement de vos donn\u00e9es personnelles par notre entit\u00e9 est r\u00e9alis\u00e9 avec une ou plusieurs des bases l\u00e9gitimes suivantes :<\/p>\n<ol>\n<li>Lorsque vous nous offrez votre consentement expr\u00e8s, libre, inform\u00e9 et univoque, apr\u00e8s avoir \u00e9t\u00e9 inform\u00e9 au moment de recueillir vos donn\u00e9es et de mani\u00e8re plus approfondie avec la pr\u00e9sente politique de confidentialit\u00e9, qu&rsquo;apr\u00e8s avoir lu celle-ci et \u00eatre d&rsquo;accord, vous pouvez volontairement nous autoriser \u00e0 traiter vos donn\u00e9es pour une ou plusieurs fins, en cochant les cases pr\u00e9vues \u00e0 cet effet dans nos formulaires Web.<\/li>\n<li>Pour l&rsquo;ex\u00e9cution d&rsquo;un contrat auquel vous \u00eates partie ou que vous nous avez demand\u00e9 de prendre des mesures pr\u00e9contractuelles.<\/li>\n<li>Lorsque le traitement est n\u00e9cessaire au respect d&rsquo;une obligation l\u00e9gale applicable \u00e0 notre entit\u00e9.<\/li>\n<li>Lorsque le traitement est n\u00e9cessaire \u00e0 la satisfaction des int\u00e9r\u00eats l\u00e9gitimes poursuivis par notre entit\u00e9 ou par un tiers, \u00e0 condition que ces int\u00e9r\u00eats ne pr\u00e9valent pas sur les int\u00e9r\u00eats ou les droits et libert\u00e9s fondamentaux de la personne concern\u00e9e. \u00c0 cet \u00e9gard, nous vous informons que notre entit\u00e9 a r\u00e9alis\u00e9 une analyse pond\u00e9rant nos int\u00e9r\u00eats l\u00e9gitimes avec les droits et libert\u00e9s de la personne concern\u00e9e, en respectant toujours ses droits fondamentaux.<\/li>\n<\/ol>\n<p>Au cas o\u00f9 l&rsquo;utilisateur serait \u00e2g\u00e9 de moins de 14 ans, il sera n\u00e9cessaire d&rsquo;obtenir le consentement des parents, des tuteurs ou du repr\u00e9sentant l\u00e9gal, pour traiter ses donn\u00e9es. L&rsquo;utilisateur est le seul responsable de la v\u00e9racit\u00e9 des donn\u00e9es qu&rsquo;il nous transmet.<\/p>\n<ol start=\"6\">\n<li><strong>Conservation des donn\u00e9es<\/strong><\/li>\n<\/ol>\n<p>Les donn\u00e9es personnelles fournies seront conserv\u00e9es pendant la dur\u00e9e de notre relation avec vous et pendant le temps n\u00e9cessaire pour remplir la finalit\u00e9 pour laquelle vos donn\u00e9es ont \u00e9t\u00e9 recueillies.<\/p>\n<p>Une fois ladite relation termin\u00e9e, nous les garderons bloqu\u00e9es dans les cas o\u00f9 il est n\u00e9cessaire de les conserver jusqu&rsquo;\u00e0 la prescription des responsabilit\u00e9s aux fins exclusives de r\u00e9clamations ou d&rsquo;actions l\u00e9gales, ainsi que pour remplir nos obligations l\u00e9gales, par exemple :<\/p>\n<table style=\"height: 310px;\" width=\"1580\">\n<tbody>\n<tr>\n<td width=\"115\">Personnes int\u00e9ress\u00e9es<\/td>\n<td width=\"119\">Domaine sectoriel<\/td>\n<td width=\"156\">Base juridique<\/td>\n<td width=\"192\">D\u00e9lai de conservation<\/td>\n<\/tr>\n<tr>\n<td width=\"115\">\u00b7 Clients \u00b7 Fournisseurs<\/td>\n<td width=\"119\">Comptabilit\u00e9<\/td>\n<td width=\"156\">Art. 30.1 R.D. Code de Commerce<\/td>\n<td width=\"192\">\u00b7 6 ans \u00e0 partir de la derni\u00e8re \u00e9criture<\/td>\n<\/tr>\n<tr>\n<td width=\"115\">\u00b7 Clients \u00b7 Fournisseurs<\/td>\n<td width=\"119\">Fiscal<\/td>\n<td width=\"156\">Art. 66 Loi G\u00e9n\u00e9rale Fiscale 58\/2003<\/td>\n<td width=\"192\">\u00b7 D\u00e9lai g\u00e9n\u00e9ral : 4 ans \u00b7 En cas de pertes pendant l&rsquo;exercice : 10 ans<\/p>\n<p>\u00b7 Factures : 5 ans<\/td>\n<\/tr>\n<\/tbody>\n<\/table>\n<p><\/p>\n<ol start=\"7\">\n<li><strong>\u00c9laboration de profils<\/strong><\/li>\n<\/ol>\n<p>Nous n&rsquo;\u00e9laborons pas de profils et aucune d\u00e9cision automatis\u00e9e n&rsquo;est prise en utilisant vos donn\u00e9es personnelles, mais au cas o\u00f9 nous le ferions, vous en seriez inform\u00e9 et une autorisation pr\u00e9alable vous serait demand\u00e9e pour le faire.<\/p>\n<p>De m\u00eame, vous avez le droit de vous opposer \u00e0 ce type de traitement \u00e0 tout moment en \u00e9crivant \u00e0 notre entit\u00e9 \u00e0 l&rsquo;adresse suivante : <a href=\"mailto:valresa@valresa.com\">valresa@valresa.com<\/a>.<\/p>\n<p>&nbsp;<\/p>\n<ol start=\"8\">\n<li><strong>Cession de donn\u00e9es<\/strong><\/li>\n<\/ol>\n<p>En r\u00e8gle g\u00e9n\u00e9rale, notre entit\u00e9 ne c\u00e8de pas de donn\u00e9es personnelles \u00e0 des tiers sans consentement pr\u00e9alable, bien qu&rsquo;il soit n\u00e9cessaire de le faire dans les cas suivants :<\/p>\n<p>Si vous \u00eates un client ou un fournisseur, vos donn\u00e9es personnelles pourront \u00eatre c\u00e9d\u00e9es \u00e0 des entit\u00e9s tierces en raison d&rsquo;une obligation l\u00e9gale (par exemple, l&rsquo;Agence fiscale), ou dans les cas et aux entit\u00e9s n\u00e9cessaires pour vous fournir nos services (par exemple, les entreprises de transport pour la livraison de vos commandes).<\/p>\n<p>De m\u00eame, vos donn\u00e9es personnelles en tant que client ou fournisseur pourront \u00eatre trait\u00e9es par certains fournisseurs auxquels nous d\u00e9l\u00e9guons certaines de nos obligations (par exemple, les conseillers comptables) et tous se sont engag\u00e9s, par le biais d&rsquo;un contrat de responsable du traitement, \u00e0 respecter les m\u00eames mesures de s\u00e9curit\u00e9 mises en place par notre entit\u00e9, ainsi qu&rsquo;\u00e0 se soumettre au devoir de secret et de confidentialit\u00e9 sur les donn\u00e9es personnelles trait\u00e9es, entre autres obligations en mati\u00e8re de protection des donn\u00e9es personnelles.<\/p>\n<p>Si vous \u00eates un candidat \u00e0 l&rsquo;information ou un utilisateur de notre site Web, vos donn\u00e9es ne seront pas c\u00e9d\u00e9es \u00e0 des entit\u00e9s tierces, sauf si nous sommes l\u00e9galement tenus de le faire.<\/p>\n<p>En termes g\u00e9n\u00e9raux, nous pourrons c\u00e9der vos donn\u00e9es personnelles aux juges, aux tribunaux, au minist\u00e8re public et\/ou aux administrations publiques comp\u00e9tentes en cas d&rsquo;\u00e9ventuelles r\u00e9clamations lorsque nous sommes tenus de le faire.<\/p>\n<p>&nbsp;<\/p>\n<ol start=\"9\">\n<li><strong>Transfert international de donn\u00e9es<\/strong><\/li>\n<\/ol>\n<p>En cas de cessions \u00e0 des entit\u00e9s tierces situ\u00e9es dans des pays en dehors de l&rsquo;Espace \u00e9conomique europ\u00e9en, nous vous en informerons et vous demanderons votre consentement pr\u00e9alable et expr\u00e8s.<\/p>\n<p>&nbsp;<\/p>\n<ol start=\"10\">\n<li><strong>Mesures de s\u00e9curit\u00e9<\/strong><\/li>\n<\/ol>\n<p>Notre entit\u00e9 a mis en place toutes les mesures techniques et organisationnelles n\u00e9cessaires pour prot\u00e9ger les donn\u00e9es personnelles trait\u00e9es, en \u00e9vitant leur perte, leur vol ou leur utilisation non autoris\u00e9e.<\/p>\n<p>Ces mesures ont \u00e9t\u00e9 cr\u00e9\u00e9es en fonction du type de donn\u00e9es trait\u00e9es et des finalit\u00e9s qui motivent ledit traitement. Elles sont v\u00e9rifi\u00e9es p\u00e9riodiquement lors de nos contr\u00f4les internes de conformit\u00e9 \u00e0 la r\u00e9glementation en mati\u00e8re de protection des donn\u00e9es personnelles et au moyen d&rsquo;audits externes.<\/p>\n<p>&nbsp;<\/p>\n<ol start=\"11\">\n<li><strong>Vos droits<\/strong><\/li>\n<\/ol>\n<p>En tant que titulaire de vos donn\u00e9es personnelles et agissant en votre nom propre ou par l&rsquo;interm\u00e9diaire de votre repr\u00e9sentant l\u00e9gal (par exemple, les personnes \u00e2g\u00e9es de moins de 14 ans), vous pouvez vous adresser \u00e0 notre entit\u00e9 \u00e0 tout moment et nous demander d&rsquo;exercer vos droits en mati\u00e8re de protection des donn\u00e9es personnelles.<\/p>\n<p>Nous vous expliquons quels sont ces droits :<\/p>\n<p><strong>Droit d&rsquo;acc\u00e8s : <\/strong><\/p>\n<p>Vous avez le droit de conna\u00eetre et de nous demander \u00e0 tout moment les informations suivantes :<\/p>\n<ul>\n<li>Si nous traitons ou non vos donn\u00e9es personnelles.<\/li>\n<li>Les finalit\u00e9s du traitement, ainsi que les cat\u00e9gories de donn\u00e9es personnelles trait\u00e9es.<\/li>\n<li>L&rsquo;origine de vos donn\u00e9es, au cas o\u00f9 vous ne nous les auriez pas fournies.<\/li>\n<li>Les destinataires ou les cat\u00e9gories de destinataires auxquels mes donn\u00e9es personnelles ont \u00e9t\u00e9 communiqu\u00e9es, ou seront communiqu\u00e9es, y compris, le cas \u00e9ch\u00e9ant, les destinataires dans des pays tiers ou des organisations internationales.<\/li>\n<li>Des informations sur les garanties appropri\u00e9es relatives au transfert de mes donn\u00e9es vers un pays tiers ou une organisation internationale, le cas \u00e9ch\u00e9ant.<\/li>\n<li>Le d\u00e9lai pr\u00e9vu de conservation, ou \u00e0 d\u00e9faut, les crit\u00e8res permettant de d\u00e9terminer ce d\u00e9lai.<\/li>\n<li>S&rsquo;il existe des d\u00e9cisions automatis\u00e9es, y compris l&rsquo;\u00e9laboration de profils, des informations significatives sur la logique appliqu\u00e9e, ainsi que l&rsquo;importance et les cons\u00e9quences pr\u00e9vues dudit traitement.<\/li>\n<li>Copie de vos donn\u00e9es personnelles qui font l&rsquo;objet d&rsquo;un traitement.<\/li>\n<\/ul>\n<p><strong>Droit de rectification : <\/strong><\/p>\n<p>Nous demander la rectification de vos donn\u00e9es personnelles lorsqu&rsquo;elles sont inexactes, ainsi que de les compl\u00e9ter lorsqu&rsquo;elles sont incompl\u00e8tes.<\/p>\n<p><strong>Droit d&rsquo;opposition : <\/strong><\/p>\n<p>Vous pouvez vous opposer \u00e0 ce que nous traitions vos donn\u00e9es lorsqu&rsquo;elles sont incorrectes ou que leur traitement n&rsquo;est plus n\u00e9cessaire.<\/p>\n<p>Dans le cas o\u00f9 vous agiriez en qualit\u00e9 d&rsquo;accus\u00e9 ou de personne touch\u00e9e par une plainte dans le cadre de la loi 2\/2023, vous ne pourrez pas exercer votre droit d&rsquo;opposition, car il est pr\u00e9sum\u00e9 (sauf preuve du contraire) qu&rsquo;il existe des motifs qui l\u00e9gitiment le traitement de vos donn\u00e9es personnelles, conform\u00e9ment aux dispositions de l&rsquo;article 31.4 de la loi.<\/p>\n<p><strong>Droit de suppression : <\/strong><\/p>\n<p>Nous demander que vos donn\u00e9es soient \u00e9limin\u00e9es, pour l&rsquo;une de ces raisons :<\/p>\n<ul>\n<li>Vos donn\u00e9es ne sont plus n\u00e9cessaires aux fins pour lesquelles elles ont \u00e9t\u00e9 recueillies ou trait\u00e9es.<\/li>\n<li>Vous n&rsquo;avez pas donn\u00e9 votre consentement pour le traitement de vos donn\u00e9es.<\/li>\n<li>Lorsque vous avez exerc\u00e9 le droit d&rsquo;opposition.<\/li>\n<li>Lorsque les donn\u00e9es ont \u00e9t\u00e9 trait\u00e9es ill\u00e9galement.<\/li>\n<li>Lorsque les donn\u00e9es doivent \u00eatre supprim\u00e9es pour le respect d&rsquo;une obligation l\u00e9gale.<\/li>\n<\/ul>\n<p>&nbsp;<\/p>\n<p><strong>Droit \u00e0 la limitation du traitement : <\/strong><\/p>\n<p>Vous pouvez nous demander d&rsquo;exercer ce droit lorsque l&rsquo;un ou plusieurs de ces cas se pr\u00e9sentent :<\/p>\n<ul>\n<li>Lorsque vous contestez l&rsquo;exactitude de vos donn\u00e9es, pendant une p\u00e9riode permettant au responsable de v\u00e9rifier l&rsquo;exactitude de celles-ci.<\/li>\n<li>Lorsque le traitement est ill\u00e9gal et que vous vous opposez \u00e0 la suppression de vos donn\u00e9es et demandez \u00e0 la place la limitation de leur utilisation.<\/li>\n<li>Lorsque les donn\u00e9es ne sont plus n\u00e9cessaires aux fins du traitement, mais que la personne concern\u00e9e en a besoin pour la formulation, l&rsquo;exercice ou la d\u00e9fense de r\u00e9clamations.<\/li>\n<li>Lorsque vous vous \u00eates oppos\u00e9 au traitement en vertu de l&rsquo;article 21, paragraphe 1, pendant la v\u00e9rification si les motifs l\u00e9gitimes du responsable pr\u00e9valent sur ceux de la personne concern\u00e9e.<\/li>\n<\/ul>\n<p>&nbsp;<\/p>\n<p><strong>Droit \u00e0 la portabilit\u00e9 : <\/strong><\/p>\n<p>Se r\u00e9f\u00e8re au droit d&rsquo;obtenir les donn\u00e9es vous concernant, dans un format structur\u00e9, d&rsquo;usage courant et de lecture m\u00e9canique, ainsi que de les transmettre \u00e0 un autre responsable pour un traitement ult\u00e9rieur.<\/p>\n<p><strong>Droit de ne pas faire l&rsquo;objet de d\u00e9cisions automatis\u00e9es :<\/strong><\/p>\n<p>Droit de ne pas faire l&rsquo;objet d&rsquo;une d\u00e9cision fond\u00e9e uniquement sur un traitement automatis\u00e9, y compris l&rsquo;\u00e9laboration de profils, qui produit des effets juridiques sur lui ou l&rsquo;affecte de mani\u00e8re significative de fa\u00e7on similaire.<\/p>\n<p>Pour exercer l&rsquo;un quelconque de vos droits, vous devez vous adresser par \u00e9crit \u00e0 notre entit\u00e9 soit par courrier postal \u00e0 l&rsquo;adresse suivante : Avda. dels Gremis, s\/n. 46190, Riba-roja del T\u00faria (Valencia) Espagne. ou par courrier \u00e9lectronique \u00e0 l&rsquo;adresse suivante : <a href=\"mailto:valresa@valresa.com\">valresa@valresa.com<\/a>, en indiquant les droits que vous souhaitez exercer. Si vous agissez au nom d&rsquo;une autre personne, vous devez prouver votre repr\u00e9sentation.<\/p>\n<p>Si vous souhaitez transmettre une suggestion ou une question concernant le traitement de vos donn\u00e9es personnelles, vous pouvez contacter nos consultants en protection des donn\u00e9es, en indiquant le nom de notre entreprise ou le nom commercial \u00e0 l&rsquo;adresse suivante :<\/p>\n<p>BUSINESS ADAPTER, S.L.<\/p>\n<p>Ronda Guglielmo Marconi, 11, 26, (Parque Tecnol\u00f3gico) 46980 Paterna (Valencia).<\/p>\n<p><a href=\"https:\/\/www.businessadapter.es\/contacta-con-el-delegado-de-proteccion-de-datos\">Formulaire de prise en charge de l&rsquo;int\u00e9ress\u00e9<\/a><\/p>\n<p>Nous vous informons que vous avez le droit de d\u00e9poser une r\u00e9clamation aupr\u00e8s de l&rsquo;Agence espagnole de protection des donn\u00e9es \u00e0 l&rsquo;adresse suivante : C\/ Jorge Juan, 6, 28001 Madrid ou sur <a href=\"http:\/\/www.aepd.es\">www.aepd.es<\/a>.<\/p>\n<ol start=\"12\">\n<li><strong>Engagement en faveur de la protection des donn\u00e9es personnelles<\/strong><\/li>\n<\/ol>\n<p><strong>Champ d&rsquo;application<\/strong><\/p>\n<p>Notre engagement en faveur de la protection des donn\u00e9es personnelles sera obligatoire pour tous les services et les travailleurs de notre entit\u00e9, ainsi que pour les tiers agissant en notre nom.<\/p>\n<p><strong>Objet <\/strong><\/p>\n<p>Nous avons \u00e9tabli des protocoles d&rsquo;action pour le traitement de vos donn\u00e9es personnelles, conform\u00e9ment aux dispositions de la r\u00e9glementation europ\u00e9enne et espagnole en mati\u00e8re de protection des donn\u00e9es.<\/p>\n<p><strong>Principes <\/strong><\/p>\n<p>Nous traiterons vos donn\u00e9es de mani\u00e8re licite, loyale, transparente, en minimisant les donn\u00e9es, avec exactitude, limitation de la dur\u00e9e de conservation, int\u00e9grit\u00e9, confidentialit\u00e9 et responsabilit\u00e9 active.<\/p>\n<p><strong>Cat\u00e9gorie sp\u00e9ciale de donn\u00e9es<\/strong><\/p>\n<p>Notre entit\u00e9 interdit le traitement des donn\u00e9es personnelles qui r\u00e9v\u00e8lent l&rsquo;origine ethnique ou raciale, les opinions politiques, les convictions religieuses ou philosophiques, l&rsquo;affiliation syndicale, le traitement des donn\u00e9es g\u00e9n\u00e9tiques ou biom\u00e9triques, les donn\u00e9es relatives \u00e0 la sant\u00e9 ou les donn\u00e9es relatives \u00e0 l&rsquo;orientation sexuelle, sauf dans les exceptions autoris\u00e9es l\u00e9galement et avec le consentement pr\u00e9alable de la personne concern\u00e9e.<\/p>\n<p><strong>Droits des personnes int\u00e9ress\u00e9es<\/strong><\/p>\n<p>Notre entit\u00e9 r\u00e9pondra \u00e0 vos demandes d&rsquo;exercice de vos droits aussi rapidement et avec diligence que possible.<\/p>\n<p><strong>Registre des activit\u00e9s, \u00e9valuation de l&rsquo;impact et mesures de s\u00e9curit\u00e9<\/strong><\/p>\n<p>Notre entit\u00e9 effectuera un registre des activit\u00e9s de traitement et analysera les finalit\u00e9s du traitement, les cat\u00e9gories de personnes int\u00e9ress\u00e9es et de donn\u00e9es, les destinataires, les transferts internationaux, les d\u00e9lais de conservation, etc., afin d&rsquo;\u00e9valuer les risques du traitement et de mettre en place les mesures de s\u00e9curit\u00e9 n\u00e9cessaires pour garantir la confidentialit\u00e9, l&rsquo;int\u00e9grit\u00e9 et la disponibilit\u00e9 des donn\u00e9es personnelles<\/p>\n<p>De m\u00eame, dans chaque activit\u00e9 de traitement, la n\u00e9cessit\u00e9 d&rsquo;\u00e9laborer une \u00e9valuation de l&rsquo;impact et de d\u00e9terminer s&rsquo;il existe une obligation de d\u00e9signer un d\u00e9l\u00e9gu\u00e9 \u00e0 la protection des donn\u00e9es a \u00e9t\u00e9 analys\u00e9e, en \u00e9tablissant, si n\u00e9cessaire, que la personne d\u00e9sign\u00e9e pour ce poste poss\u00e8de les connaissances et l&rsquo;exp\u00e9rience suffisantes conform\u00e9ment aux dispositions de la r\u00e9glementation en vigueur.<\/p>\n<p><strong>Contr\u00f4le <\/strong><\/p>\n<p>Nous disposons d&rsquo;une aide externe qui nous conseille en la mati\u00e8re, en surveillant toutes les publications r\u00e9alis\u00e9es par les organes de contr\u00f4le comp\u00e9tents et d&rsquo;autres entit\u00e9s europ\u00e9ennes et espagnoles li\u00e9es \u00e0 la r\u00e9glementation en mati\u00e8re de protection des donn\u00e9es, afin de nous conformer \u00e0 cette r\u00e9glementation \u00e0 tout moment.<\/p>\n<ol start=\"13\">\n<li><strong>Mise \u00e0 jour de cette politique<\/strong><\/li>\n<\/ol>\n<p>Notre entit\u00e9 se r\u00e9serve le droit de modifier cette politique sans pr\u00e9avis. C&rsquo;est pourquoi nous vous recommandons de la consulter chaque fois que vous visitez notre site web.<\/p>\n<p>Texte actualis\u00e9 le 15 mai 2025[\/vc_column_text][\/vc_column][\/vc_row]<\/p>\n<\/div>","protected":false},"excerpt":{"rendered":"<p>[vc_row][vc_column][vc_column_text css=\u00a0\u00bb\u00a0\u00bb]Politique de confidentialit\u00e9 Objet La pr\u00e9sente politique de confidentialit\u00e9 a pour but [&hellip;]<\/p>\n","protected":false},"author":1,"featured_media":0,"parent":0,"menu_order":0,"comment_status":"closed","ping_status":"closed","template":"","meta":{"om_disable_all_campaigns":false,"site-sidebar-layout":"no-sidebar","site-content-layout":"plain-container","ast-site-content-layout":"default","site-content-style":"default","site-sidebar-style":"default","ast-global-header-display":"","ast-banner-title-visibility":"","ast-main-header-display":"","ast-hfb-above-header-display":"","ast-hfb-below-header-display":"","ast-hfb-mobile-header-display":"","site-post-title":"disabled","ast-breadcrumbs-content":"","ast-featured-img":"disabled","footer-sml-layout":"","ast-disable-related-posts":"","theme-transparent-header-meta":"default","adv-header-id-meta":"","stick-header-meta":"default","header-above-stick-meta":"","header-main-stick-meta":"","header-below-stick-meta":"","astra-migrate-meta-layouts":"default","ast-page-background-enabled":"default","ast-page-background-meta":{"desktop":{"background-color":"var(--ast-global-color-4)","background-image":"","background-repeat":"repeat","background-position":"center center","background-size":"auto","background-attachment":"scroll","background-type":"","background-media":"","overlay-type":"","overlay-color":"","overlay-opacity":"","overlay-gradient":""},"tablet":{"background-color":"","background-image":"","background-repeat":"repeat","background-position":"center center","background-size":"auto","background-attachment":"scroll","background-type":"","background-media":"","overlay-type":"","overlay-color":"","overlay-opacity":"","overlay-gradient":""},"mobile":{"background-color":"","background-image":"","background-repeat":"repeat","background-position":"center center","background-size":"auto","background-attachment":"scroll","background-type":"","background-media":"","overlay-type":"","overlay-color":"","overlay-opacity":"","overlay-gradient":""}},"ast-content-background-meta":{"desktop":{"background-color":"var(--ast-global-color-5)","background-image":"","background-repeat":"repeat","background-position":"center center","background-size":"auto","background-attachment":"scroll","background-type":"","background-media":"","overlay-type":"","overlay-color":"","overlay-opacity":"","overlay-gradient":""},"tablet":{"background-color":"var(--ast-global-color-5)","background-image":"","background-repeat":"repeat","background-position":"center center","background-size":"auto","background-attachment":"scroll","background-type":"","background-media":"","overlay-type":"","overlay-color":"","overlay-opacity":"","overlay-gradient":""},"mobile":{"background-color":"var(--ast-global-color-5)","background-image":"","background-repeat":"repeat","background-position":"center center","background-size":"auto","background-attachment":"scroll","background-type":"","background-media":"","overlay-type":"","overlay-color":"","overlay-opacity":"","overlay-gradient":""}},"footnotes":""},"class_list":["post-1753","page","type-page","status-publish","hentry"],"yoast_head":"<!-- This site is optimized with the Yoast SEO plugin v27.5 - https:\/\/yoast.com\/product\/yoast-seo-wordpress\/ -->\n<title>Politique de confidentialit\u00e9 | NitorLACK<\/title>\n<meta name=\"description\" content=\"Nitorlack - Peinture nitrocellulosique pour guitares, couleurs vintage et tutoriels pour peindre votre guitare. D\u00e9couvrir Politique de confidentialit\u00e9\" \/>\n<meta name=\"robots\" content=\"noindex, nofollow\" \/>\n<meta property=\"og:locale\" content=\"fr_FR\" \/>\n<meta property=\"og:type\" content=\"article\" \/>\n<meta property=\"og:title\" content=\"Politique de confidentialit\u00e9 | NitorLACK\" \/>\n<meta property=\"og:description\" content=\"Nitorlack - Peinture nitrocellulosique pour guitares, couleurs vintage et tutoriels pour peindre votre guitare. D\u00e9couvrir Politique de confidentialit\u00e9\" \/>\n<meta property=\"og:url\" content=\"https:\/\/nitorlack.com\/fr\/confidentialite\/\" \/>\n<meta property=\"og:site_name\" content=\"Nitorlack\" \/>\n<meta property=\"article:modified_time\" content=\"2025-05-19T09:54:57+00:00\" \/>\n<meta name=\"twitter:card\" content=\"summary_large_image\" \/>\n<meta name=\"twitter:label1\" content=\"Dur\u00e9e de lecture estim\u00e9e\" \/>\n\t<meta name=\"twitter:data1\" content=\"20 minutes\" \/>\n<script type=\"application\/ld+json\" class=\"yoast-schema-graph\">{\"@context\":\"https:\\\/\\\/schema.org\",\"@graph\":[{\"@type\":\"WebPage\",\"@id\":\"https:\\\/\\\/nitorlack.com\\\/fr\\\/confidentialite\\\/\",\"url\":\"https:\\\/\\\/nitorlack.com\\\/fr\\\/confidentialite\\\/\",\"name\":\"Politique de confidentialit\u00e9 | NitorLACK\",\"isPartOf\":{\"@id\":\"https:\\\/\\\/nitorlack.com\\\/fr\\\/#website\"},\"datePublished\":\"2016-03-09T13:31:55+00:00\",\"dateModified\":\"2025-05-19T09:54:57+00:00\",\"description\":\"Nitorlack - Peinture nitrocellulosique pour guitares, couleurs vintage et tutoriels pour peindre votre guitare. D\u00e9couvrir Politique de confidentialit\u00e9\",\"breadcrumb\":{\"@id\":\"https:\\\/\\\/nitorlack.com\\\/fr\\\/confidentialite\\\/#breadcrumb\"},\"inLanguage\":\"fr-FR\",\"potentialAction\":[{\"@type\":\"ReadAction\",\"target\":[\"https:\\\/\\\/nitorlack.com\\\/fr\\\/confidentialite\\\/\"]}]},{\"@type\":\"BreadcrumbList\",\"@id\":\"https:\\\/\\\/nitorlack.com\\\/fr\\\/confidentialite\\\/#breadcrumb\",\"itemListElement\":[{\"@type\":\"ListItem\",\"position\":1,\"name\":\"Page de Couverture\",\"item\":\"https:\\\/\\\/nitorlack.com\\\/fr\\\/\"},{\"@type\":\"ListItem\",\"position\":2,\"name\":\"Politique de confidentialit\u00e9\"}]},{\"@type\":\"WebSite\",\"@id\":\"https:\\\/\\\/nitorlack.com\\\/fr\\\/#website\",\"url\":\"https:\\\/\\\/nitorlack.com\\\/fr\\\/\",\"name\":\"Nitorlack\",\"description\":\"Guitar Lacquers\",\"publisher\":{\"@id\":\"https:\\\/\\\/nitorlack.com\\\/fr\\\/#organization\"},\"potentialAction\":[{\"@type\":\"SearchAction\",\"target\":{\"@type\":\"EntryPoint\",\"urlTemplate\":\"https:\\\/\\\/nitorlack.com\\\/fr\\\/?s={search_term_string}\"},\"query-input\":{\"@type\":\"PropertyValueSpecification\",\"valueRequired\":true,\"valueName\":\"search_term_string\"}}],\"inLanguage\":\"fr-FR\"},{\"@type\":\"Organization\",\"@id\":\"https:\\\/\\\/nitorlack.com\\\/fr\\\/#organization\",\"name\":\"Nitorlack\",\"url\":\"https:\\\/\\\/nitorlack.com\\\/fr\\\/\",\"logo\":{\"@type\":\"ImageObject\",\"inLanguage\":\"fr-FR\",\"@id\":\"https:\\\/\\\/nitorlack.com\\\/fr\\\/#\\\/schema\\\/logo\\\/image\\\/\",\"url\":\"http:\\\/\\\/nitorlack.com\\\/wp-content\\\/uploads\\\/2016\\\/02\\\/cropped-galleta-negra-1.jpg\",\"contentUrl\":\"http:\\\/\\\/nitorlack.com\\\/wp-content\\\/uploads\\\/2016\\\/02\\\/cropped-galleta-negra-1.jpg\",\"width\":512,\"height\":512,\"caption\":\"Nitorlack\"},\"image\":{\"@id\":\"https:\\\/\\\/nitorlack.com\\\/fr\\\/#\\\/schema\\\/logo\\\/image\\\/\"}}]}<\/script>\n<!-- \/ Yoast SEO plugin. -->","yoast_head_json":{"title":"Politique de confidentialit\u00e9 | NitorLACK","description":"Nitorlack - Peinture nitrocellulosique pour guitares, couleurs vintage et tutoriels pour peindre votre guitare. D\u00e9couvrir Politique de confidentialit\u00e9","robots":{"index":"noindex","follow":"nofollow"},"og_locale":"fr_FR","og_type":"article","og_title":"Politique de confidentialit\u00e9 | NitorLACK","og_description":"Nitorlack - Peinture nitrocellulosique pour guitares, couleurs vintage et tutoriels pour peindre votre guitare. D\u00e9couvrir Politique de confidentialit\u00e9","og_url":"https:\/\/nitorlack.com\/fr\/confidentialite\/","og_site_name":"Nitorlack","article_modified_time":"2025-05-19T09:54:57+00:00","twitter_card":"summary_large_image","twitter_misc":{"Dur\u00e9e de lecture estim\u00e9e":"20 minutes"},"schema":{"@context":"https:\/\/schema.org","@graph":[{"@type":"WebPage","@id":"https:\/\/nitorlack.com\/fr\/confidentialite\/","url":"https:\/\/nitorlack.com\/fr\/confidentialite\/","name":"Politique de confidentialit\u00e9 | NitorLACK","isPartOf":{"@id":"https:\/\/nitorlack.com\/fr\/#website"},"datePublished":"2016-03-09T13:31:55+00:00","dateModified":"2025-05-19T09:54:57+00:00","description":"Nitorlack - Peinture nitrocellulosique pour guitares, couleurs vintage et tutoriels pour peindre votre guitare. D\u00e9couvrir Politique de confidentialit\u00e9","breadcrumb":{"@id":"https:\/\/nitorlack.com\/fr\/confidentialite\/#breadcrumb"},"inLanguage":"fr-FR","potentialAction":[{"@type":"ReadAction","target":["https:\/\/nitorlack.com\/fr\/confidentialite\/"]}]},{"@type":"BreadcrumbList","@id":"https:\/\/nitorlack.com\/fr\/confidentialite\/#breadcrumb","itemListElement":[{"@type":"ListItem","position":1,"name":"Page de Couverture","item":"https:\/\/nitorlack.com\/fr\/"},{"@type":"ListItem","position":2,"name":"Politique de confidentialit\u00e9"}]},{"@type":"WebSite","@id":"https:\/\/nitorlack.com\/fr\/#website","url":"https:\/\/nitorlack.com\/fr\/","name":"Nitorlack","description":"Guitar Lacquers","publisher":{"@id":"https:\/\/nitorlack.com\/fr\/#organization"},"potentialAction":[{"@type":"SearchAction","target":{"@type":"EntryPoint","urlTemplate":"https:\/\/nitorlack.com\/fr\/?s={search_term_string}"},"query-input":{"@type":"PropertyValueSpecification","valueRequired":true,"valueName":"search_term_string"}}],"inLanguage":"fr-FR"},{"@type":"Organization","@id":"https:\/\/nitorlack.com\/fr\/#organization","name":"Nitorlack","url":"https:\/\/nitorlack.com\/fr\/","logo":{"@type":"ImageObject","inLanguage":"fr-FR","@id":"https:\/\/nitorlack.com\/fr\/#\/schema\/logo\/image\/","url":"http:\/\/nitorlack.com\/wp-content\/uploads\/2016\/02\/cropped-galleta-negra-1.jpg","contentUrl":"http:\/\/nitorlack.com\/wp-content\/uploads\/2016\/02\/cropped-galleta-negra-1.jpg","width":512,"height":512,"caption":"Nitorlack"},"image":{"@id":"https:\/\/nitorlack.com\/fr\/#\/schema\/logo\/image\/"}}]}},"_links":{"self":[{"href":"https:\/\/nitorlack.com\/fr\/wp-json\/wp\/v2\/pages\/1753","targetHints":{"allow":["GET"]}}],"collection":[{"href":"https:\/\/nitorlack.com\/fr\/wp-json\/wp\/v2\/pages"}],"about":[{"href":"https:\/\/nitorlack.com\/fr\/wp-json\/wp\/v2\/types\/page"}],"author":[{"embeddable":true,"href":"https:\/\/nitorlack.com\/fr\/wp-json\/wp\/v2\/users\/1"}],"replies":[{"embeddable":true,"href":"https:\/\/nitorlack.com\/fr\/wp-json\/wp\/v2\/comments?post=1753"}],"version-history":[{"count":3,"href":"https:\/\/nitorlack.com\/fr\/wp-json\/wp\/v2\/pages\/1753\/revisions"}],"predecessor-version":[{"id":80685,"href":"https:\/\/nitorlack.com\/fr\/wp-json\/wp\/v2\/pages\/1753\/revisions\/80685"}],"wp:attachment":[{"href":"https:\/\/nitorlack.com\/fr\/wp-json\/wp\/v2\/media?parent=1753"}],"curies":[{"name":"wp","href":"https:\/\/api.w.org\/{rel}","templated":true}]}}